{"id":2861,"date":"2019-09-09T17:11:06","date_gmt":"2019-09-09T16:11:06","guid":{"rendered":"https:\/\/www.joeheaney.org\/ga\/?page_id=2861"},"modified":"2021-04-01T10:46:44","modified_gmt":"2021-04-01T09:46:44","slug":"comoradh-cead-bliain","status":"publish","type":"page","link":"https:\/\/www.joeheaney.org\/ga\/comoradh-cead-bliain\/","title":{"rendered":"Seosamh \u00d3\u00a0hEana\u00ed: Com\u00f3radh C\u00e9ad Bliain"},"content":{"rendered":"<div class=\"wp-block-image micil-wp-img-imeall-0\"><figure class=\"alignright is-resized\"><a href=\"https:\/\/www.joeheaney.org\/00-micil\/mbm\/\u00e9inni\u00fa-d\u00e1ta\u00ed-1919-2019-ga.jpg\"><img loading=\"lazy\" decoding=\"async\" src=\"https:\/\/www.joeheaney.org\/00-micil\/mbm\/\u00e9inni\u00fa-d\u00e1ta\u00ed-1919-2019-ga.jpg\" alt=\"Aml\u00edne d\u2019eisi\u00faint\u00ed ceili\u00fartha CHartlanna Joe \u00c9inni\u00fa i mbliain a 2019.\" width=\"400\" height=\"150\"\/><\/a><figcaption>Aml\u00edne na n\u2011eisi\u00faint\u00ed nua sa mbliain 2019.<\/figcaption><\/figure><\/div>\n\n\n\n<p><a href=\"https:\/\/www.joeheaney.org\/ga\/data-breithe-sheosaimh-ui-eanai\/\">Ar 1\u00fa Deireadh F\u00f3mhair 1919<\/a> a rugadh Joe \u00c9inni\u00fa. Leis an gcothrom c\u00e9id seo a cheili\u00faradh, shocraigh na Cartlanna ar shraith m\u00edreanna nua, n\u00e1r eis\u00edodh ariamh go dt\u00ed seo, a fhoilsi\u00fa i rith na bliana.<\/p>\n\n\n\n<p>Le meas ar thraidisi\u00fain dh\u00fachasacha, s\u00edleadh go mbeadh s\u00e9 an-fheili\u00fanach na m\u00edreanna seo a eisi\u00faint ar dh\u00e1ta\u00ed suntasacha i bhf\u00e9ilire mhuintir Iorras Aithneach (ceantar d\u00fachais Joe) agus Chonamara fr\u00e9 ch\u00e9ile. <strong>L\u00e1 P\u00e1draic<\/strong>, <strong>Aoine an Ch\u00e9asta<\/strong> (19\u00fa Aibre\u00e1n), <strong>L\u00e1 Bealtaine<\/strong> \/ F\u00e9ile Joe \u00c9inni\u00fa. <strong>O\u00edche Cinn Se\u00e1in<\/strong> (23\u00fa Meitheamh), <strong>L\u00e1 Mhic Dara<\/strong> (16\u00fa I\u00fail), <strong>L\u00e1 Ciar\u00e1n<\/strong> (9\u00fa Me\u00e1n F\u00f3mhair) agus <strong>L\u00e1 Caill\u00edn<\/strong> (13\u00fa M\u00ed na Samhna) na d\u00e1ta\u00ed a roghna\u00edodh. Seoladh corr-mh\u00edr bhreise ar dh\u00e1ta\u00ed eile freisin agus, d\u00e1r nd\u00f3igh, seoladh m\u00edr faoi leith ar chothrom c\u00e9id <strong>l\u00e1 breithe Joe<\/strong> (1\u00fa Deireadh F\u00f3mhair).<\/p>\n\n\n\n<p>T\u00e1 r\u00edm\u00e9ad orainn a r\u00e1 gur i bhfoirm <strong>f\u00edse\u00e1in<\/strong> at\u00e1 roinnt mhaith den \u00e1bhar nua; me\u00e1n a bh\u00ed tearc go leor sna Cartlanna go dt\u00ed sin.<\/p>\n\n\n\n<p>Liosta at\u00e1 sa m\u00e9id seo leanas de chuile iontr\u00e1il nua a cuireadh leis na Cartlanna le linn na bliana speisialta seo.<\/p>\n\n\n\n<h2 class=\"wp-block-heading\" id=\"a:l\u00e1-caill\u00edn\">L\u00e1 Caill\u00edn; 13\u00fa M\u00ed na Samhna 2019<\/h2>\n\n\n\n<div class=\"micil-gr\u00e1ta-sh\u00edmpl\u00ed-soitheach-1\">\n\t<a href=\"https:\/\/www.joeheaney.org\/ga\/grabaire-beag-fhinn-mhic-chumhaill\/\" class=\"micil-gr\u00e1ta-sh\u00edmpl\u00ed-p\u00e1iste w3-2020-amberglow\">\n\t\t<p>IONTR\u00c1IL NUA<\/p>\n\t\t<p>L\u00e1 C\u00e1ill\u00edn, 13\u00fa M\u00ed na Samhna 2019<\/p>\n\t\t<p>Grabaire Beag Fhinn Mhic&nbsp;Cumhaill<br>(l\u00e1imhscr\u00edbhinn).<\/p>\n\t<\/a>\n<\/div>\n\n\n\n<h2 class=\"wp-block-heading\" id=\"a:coirmcheol-i-gcarna\">Coirmcheol i gCarna; 14\u00fa Deireadh F\u00f3mhair 2019<\/h2>\n\n\n\n<p>Bh\u00ed coirmcheol le cothrom c\u00e9ad bliain bhreith Joe \u00c9inni\u00fa a chom\u00f3radh D\u00e9 Luain 14\u00fa Deireadh F\u00f3mhair ar 8.00in. In Ionad Cuimhneach\u00e1in na nImearcach i gCarna a bh\u00ed s\u00e9.<\/p>\n\n\n\n<div class=\"wp-block-image micil-wp-img-imeall-0\"><figure class=\"aligncenter\"><a href=\"https:\/\/www.joeheaney.org\/00-micil\/mbm\/cuireadh-coirmcheol-chom\u00f3rtha-joe-\u00e9inni\u00fa.jpg\"><img decoding=\"async\" src=\"https:\/\/www.joeheaney.org\/00-micil\/mbm\/cuireadh-coirmcheol-chom\u00f3rtha-joe-\u00e9inni\u00fa.jpg\" alt=\"The invitation to the centenary concert.\"\/><\/a><figcaption>An cuireadh chuig an gceolchoirm.<\/figcaption><\/figure><\/div>\n\n\n\n<h2 class=\"wp-block-heading\" id=\"a:l\u00e1-breithe-joe-\u00e9inni\u00fa\">L\u00e1 breithe Joe \u00c9inni\u00fa; 1\u00fa Deireadh F\u00f3mhair 2019<\/h2>\n\n\n\n<div class=\"micil-gr\u00e1ta-sh\u00edmpl\u00ed-soitheach-3\">\n\t<a class=\"micil-gr\u00e1ta-sh\u00edmpl\u00ed-p\u00e1iste w3-2020-samba\" href=\"https:\/\/www.joeheaney.org\/ga\/caoineadh-na-dtri-muire-muintir-joe-einniu\/\">IONTR\u00c1IL NUA<br>L\u00e1 breithe Joe, 1\u00fa Deireadh F\u00f3mhair 2019<br>Caoineadh na dTr\u00ed Muire<br>(Muintir Joe \u00c9inni\u00fa)<br>(f\u00edse\u00e1n)<\/a>\n\t<a class=\"micil-gr\u00e1ta-sh\u00edmpl\u00ed-p\u00e1iste w3-2020-samba\" href=\"https:\/\/www.joeheaney.org\/ga\/connla-muintir-joe-einniu\/\">IONTR\u00c1IL NUA<br>L\u00e1 breithe Joe, 1\u00fa Deireadh F\u00f3mhair 2019<br>Connla<br>(Muintir Joe \u00c9inni\u00fa)<br>(f\u00edse\u00e1n)<\/a>\n\t<a class=\"micil-gr\u00e1ta-sh\u00edmpl\u00ed-p\u00e1iste w3-2020-samba\" href=\"https:\/\/www.joeheaney.org\/ga\/data-breithe-sheosaimh-ui-eanai\/\">IONTR\u00c1IL NUA<br>L\u00e1 breithe Joe, 1\u00fa Deireadh F\u00f3mhair 2019<br>D\u00e1ta Breithe Joe \u00c9inni\u00fa<br>(alt)<\/a>\n<\/div>\n\n\n\n<h2 class=\"wp-block-heading\" id=\"a:l\u00e1-ciar\u00e1n\">L\u00e1 Ciar\u00e1n; 9\u00fa Me\u00e1n F\u00f3mhair 2019<\/h2>\n\n\n\n<div class=\"micil-gr\u00e1ta-sh\u00edmpl\u00ed-soitheach-3\">\n\t<a class=\"micil-gr\u00e1ta-sh\u00edmpl\u00ed-p\u00e1iste w3-2020-sandstone\" href=\"https:\/\/www.joeheaney.org\/ga\/amhran-rinn-mhaoile\/\">IONTR\u00c1IL NUA<br>L\u00e1 Ciar\u00e1n, 9\u00fa Me\u00e1n F\u00f3mhair 2019<br>Amhr\u00e1n Rinn Mhaoile<br>(fuaim)<\/a>\n\t<a class=\"micil-gr\u00e1ta-sh\u00edmpl\u00ed-p\u00e1iste w3-2020-sandstone\" href=\"https:\/\/www.joeheaney.org\/ga\/baile-ui-lai\/\">IONTR\u00c1IL MH\u00c9ADAITHE<br>L\u00e1 Ciar\u00e1n, 9\u00fa Me\u00e1n F\u00f3mhair 2019<br>Baile U\u00ed&nbsp;La\u00ed<br>(an taifeadadh fuaime curtha leis)<\/a>\n\t<a class=\"micil-gr\u00e1ta-sh\u00edmpl\u00ed-p\u00e1iste w3-2020-sandstone\" href=\"https:\/\/www.joeheaney.org\/ga\/bean-an-leanna\/\">IONTR\u00c1IL MH\u00c9ADAITHE<br>L\u00e1 Ciar\u00e1n, 9\u00fa Me\u00e1n F\u00f3mhair 2019<br>Bean a\u2019&nbsp;Leanna<br>(an taifeadadh fuaime curtha leis)<\/a>\n<\/div>\n\n\n\n<h2 class=\"wp-block-heading\">L\u00e1 Mhic Dara; 16\u00fa I\u00fail 2019<\/h2>\n\n\n\n<div class=\"micil-gr\u00e1ta-sh\u00edmpl\u00ed-soitheach-2\">\n\t<a class=\"micil-gr\u00e1ta-sh\u00edmpl\u00ed-p\u00e1iste w3-2020-classic-blue\" href=\"https:\/\/www.joeheaney.org\/ga\/bonny-bunch-of-roses-the-2\/\">IONTR\u00c1IL NUA<br>16\u00fa M\u00ed an Mheithimh 2019<br>The Bonny Bunch of Roses<br>(f\u00edse\u00e1n)<\/a>\n\t<a class=\"micil-gr\u00e1ta-sh\u00edmpl\u00ed-p\u00e1iste w3-2020-classic-blue\" href=\"https:\/\/www.joeheaney.org\/ga\/wesleyan-university-5th-and-6th-august-1978\/\">IONTR\u00c1IL NUA<br>16\u00fa M\u00ed an Mheithimh 2019<br>Wesleyan University:<br>5<sup>th<\/sup> \u204a 6<sup>th<\/sup> August 1978<br>(f\u00edse\u00e1n)<\/a>\n<\/div>\n\n\n\n<h2 class=\"wp-block-heading\" id=\"a:m\u00ed-i\u00fail-2019\">M\u00ed I\u00fail 2019<\/h2>\n\n\n\n<div class=\"micil-gr\u00e1ta-sh\u00edmpl\u00ed-soitheach-3\">\n\t<a class=\"micil-gr\u00e1ta-sh\u00edmpl\u00ed-p\u00e1iste w3-2020-green-sheen\" href=\"https:\/\/www.joeheaney.org\/ga\/neainsin-bhan\/\">IONTR\u00c1IL MH\u00c9ADAITHE<br>8\u00fa M\u00ed I\u00fail 2019<br>Neains\u00edn Bh\u00e1n<br>(an taifeadadh fuaime curtha leis)<\/a>\n\t<a class=\"micil-gr\u00e1ta-sh\u00edmpl\u00ed-p\u00e1iste w3-2020-green-sheen\" href=\"https:\/\/www.joeheaney.org\/ga\/tradition-club-session-18th-july-1973\/#a:t\u00f3ib\u00edn-\u00e9inni\u00fa\">IONTR\u00c1IL MH\u00c9ADAITHE<br>16\u00fa M\u00ed I\u00fail 2019<br>Tradition Club Session, 18th July 1973<br>(grianghraf de Joe \u204a Niocl\u00e1s T\u00f3ib\u00edn)<\/a>\n\t<a class=\"micil-gr\u00e1ta-sh\u00edmpl\u00ed-p\u00e1iste w3-2020-green-sheen\" href=\"https:\/\/www.joeheaney.org\/ga\/bonnan-bui-an-maire-ni-cheilleachair\/\">IONTR\u00c1IL NUA<br>16\u00fa M\u00ed I\u00fail 2019<br>An Bonn\u00e1n Bu\u00ed<br>(M\u00e1ire N\u00ed&nbsp;Ch\u00e9illeachair)<\/a>\n\t<a class=\"micil-gr\u00e1ta-sh\u00edmpl\u00ed-p\u00e1iste w3-2020-green-sheen\" href=\"https:\/\/www.joeheaney.org\/ga\/ta-na-paipeir-dha-saighneail\/\">IONTR\u00c1IL MH\u00c9ADAITHE<br>22na M\u00ed I\u00fail 2019<br>T\u00e1 na P\u00e1ip\u00e9ir dh\u00e1 Saighne\u00e1il<br>(an taifeadadh fuaime curtha leis)<\/a>\n\t<a class=\"micil-gr\u00e1ta-sh\u00edmpl\u00ed-p\u00e1iste w3-2020-green-sheen\" href=\"https:\/\/www.joeheaney.org\/ga\/feile-joe-einniu-2019\/\">IONTR\u00c1IL NUA<br>23\u00fa M\u00ed I\u00fail 2019<br>F\u00e9ile Joe \u00c9inni\u00fa 2019<br>(f\u00edse\u00e1n)<\/a>\n\t<a class=\"micil-gr\u00e1ta-sh\u00edmpl\u00ed-p\u00e1iste w3-2020-green-sheen\" href=\"https:\/\/www.joeheaney.org\/ga\/amarach-la-l-padraic\/\">IONTR\u00c1IL MH\u00c9ADAITHE<br>30\u00fa M\u00ed I\u00fail 2019<br>Am\u00e1rach L\u00e1 \u2019l\u2019 P\u00e1draic<br>(an taifeadadh fuaime curtha leis)<\/a>\n<\/div>\n\n\n\n<h2 class=\"wp-block-heading\" id=\"a:f\u00e9ile-joe-\u00e9inni\u00fa-2019\">F\u00e9ile Joe \u00c9inni\u00fa 2019<\/h2>\n\n\n\n<p>Eis\u00edodh na m\u00edreanna seo ag t\u00fas <a href=\"https:\/\/www.facebook.com\/feilejoeeinniu\/\">Fh\u00e9ile Joe \u00c9inni\u00fa<\/a> 2019.<\/p>\n\n\n\n<div class=\"micil-gr\u00e1ta-sh\u00edmpl\u00ed-soitheach-3\">\n\t<a class=\"micil-gr\u00e1ta-sh\u00edmpl\u00ed-p\u00e1iste w3-2020-rose-tan\" href=\"https:\/\/www.joeheaney.org\/ga\/as-i-roved-out-3\/\">IONTR\u00c1IL NUA<br>2\u00fa M\u00ed B\u00e9altaine 2019<br>As I Roved Out (3)<br>(f\u00edse\u00e1n)<\/a>\n\t<a class=\"micil-gr\u00e1ta-sh\u00edmpl\u00ed-p\u00e1iste w3-2020-rose-tan\" href=\"https:\/\/www.joeheaney.org\/ga\/#a:the-joe-heaney-collection-inn\u00e9acs\">IONTR\u00c1IL MH\u00c9ADAITHE<br>2\u00fa M\u00ed B\u00e9altaine 2019<br>Tuilleadh bileog d\u2019inn\u00e9acs an<br><i>Joe Heaney Collection<\/i><\/a>\n\t<a class=\"micil-gr\u00e1ta-sh\u00edmpl\u00ed-p\u00e1iste w3-2020-rose-tan\" href=\"https:\/\/www.joeheaney.org\/ga\/athchoiriu-digiteach\/#a:grianghraif\">IONTR\u00c1IL MH\u00c9ADAITHE<br>2\u00fa M\u00ed B\u00e9altaine 2019<br>Athch\u00f3iri\u00fa digiteach<br>(grianghraif)<\/a>\n\t<a class=\"micil-gr\u00e1ta-sh\u00edmpl\u00ed-p\u00e1iste w3-2020-rose-tan\" href=\"https:\/\/www.joeheaney.org\/ga\/athchoiriu-digiteach\/#a:f\u00edse\u00e1n\">IONTR\u00c1IL MH\u00c9ADAITHE<br>2\u00fa M\u00ed B\u00e9altaine 2019<br>Athch\u00f3iri\u00fa digiteach<br>(f\u00edse\u00e1n)<\/a>\n\t<a class=\"micil-gr\u00e1ta-sh\u00edmpl\u00ed-p\u00e1iste w3-2020-rose-tan\" href=\"https:\/\/www.joeheaney.org\/ga\/tradition-club-session-18th-july-1973\/#a:an-cais\u00edn-bunaidh\">IONTR\u00c1IL MH\u00c9ADAITHE<br>2\u00fa M\u00ed B\u00e9altaine 2019<br>Tradition Club Session, 18th July 1973<br>grianghraif den gcais\u00edn bunaidh<\/a>\n\t<a class=\"micil-gr\u00e1ta-sh\u00edmpl\u00ed-p\u00e1iste w3-2020-rose-tan\" href=\"https:\/\/www.joeheaney.org\/ga\/tradition-club-session-18th-july-1973\/#a:nota\u00ed\">IONTR\u00c1IL MH\u00c9ADAITHE<br>2\u00fa M\u00ed B\u00e9altaine 2019<br>Tradition Club Session, 18th July 1973<br>grianghraif de Frank Jeal<\/a>\n<\/div>\n\n\n\n<h2 class=\"wp-block-heading\" id=\"a:curtha-leis-na-cartlanna-in-earrach-2019\">Curtha leis na Cartlanna in Earrach 2019<\/h2>\n\n\n\n<div class=\"micil-gr\u00e1ta-sh\u00edmpl\u00ed-soitheach-3\">\n\t<a class=\"micil-gr\u00e1ta-sh\u00edmpl\u00ed-p\u00e1iste w3-2020-ultramarine-green\" href=\"https:\/\/www.joeheaney.org\/ga\/part-of-a-caoineadh-in-the-conamara-tradition\/\">IONTR\u00c1IL MH\u00c9ADAITHE<br>Domhnach an I\u00fair, 14\u00fa M\u00ed Aibre\u00e1in 2019<br>Part of a Caoineadh in the Conamara Tradition<\/a>\n\t<a class=\"micil-gr\u00e1ta-sh\u00edmpl\u00ed-p\u00e1iste w3-2020-ultramarine-green\" href=\"https:\/\/www.joeheaney.org\/ga\/#a:the-joe-heaney-collection-inn\u00e9acs\">IONTR\u00c1IL MH\u00c9ADAITHE<br>3\u00fa M\u00ed Aibre\u00e1in 2019<br>Bileoga roghnaithe d\u2019inn\u00e9acs bunaidh an<br><i>Joe Heaney Collection<\/i><\/a>\n\t<a class=\"micil-gr\u00e1ta-sh\u00edmpl\u00ed-p\u00e1iste w3-2020-ultramarine-green\" href=\"https:\/\/www.joeheaney.org\/ga\/boyles-bar-28th-july-1978\/\">IONTR\u00c1IL NUA<br>L\u00e1 Fh\u00e9ile P\u00e1draic 2019<br>Boyle\u2019s Bar, 28th July 1978<\/a>\n<\/div>","protected":false},"excerpt":{"rendered":"","protected":false},"author":1,"featured_media":0,"parent":0,"menu_order":0,"comment_status":"closed","ping_status":"closed","template":"templates\/template-full-width.php","meta":{"footnotes":""},"class_list":["post-2861","page","type-page","status-publish","hentry"],"_links":{"self":[{"href":"https:\/\/www.joeheaney.org\/ga\/wp-json\/wp\/v2\/pages\/2861","targetHints":{"allow":["GET"]}}],"collection":[{"href":"https:\/\/www.joeheaney.org\/ga\/wp-json\/wp\/v2\/pages"}],"about":[{"href":"https:\/\/www.joeheaney.org\/ga\/wp-json\/wp\/v2\/types\/page"}],"author":[{"embeddable":true,"href":"https:\/\/www.joeheaney.org\/ga\/wp-json\/wp\/v2\/users\/1"}],"replies":[{"embeddable":true,"href":"https:\/\/www.joeheaney.org\/ga\/wp-json\/wp\/v2\/comments?post=2861"}],"version-history":[{"count":101,"href":"https:\/\/www.joeheaney.org\/ga\/wp-json\/wp\/v2\/pages\/2861\/revisions"}],"predecessor-version":[{"id":3749,"href":"https:\/\/www.joeheaney.org\/ga\/wp-json\/wp\/v2\/pages\/2861\/revisions\/3749"}],"wp:attachment":[{"href":"https:\/\/www.joeheaney.org\/ga\/wp-json\/wp\/v2\/media?parent=2861"}],"curies":[{"name":"wp","href":"https:\/\/api.w.org\/{rel}","templated":true}]}}